{"id":474,"date":"2024-05-30T07:48:30","date_gmt":"2024-05-30T07:48:30","guid":{"rendered":"https:\/\/tijuca.fr\/?page_id=474"},"modified":"2024-12-17T10:31:54","modified_gmt":"2024-12-17T10:31:54","slug":"mata-atlantica-an-extraordinary-forest","status":"publish","type":"page","link":"https:\/\/tijuca.fr\/en\/mata-atlantica-an-extraordinary-forest\/","title":{"rendered":"LA\u00a0MATA\u00a0ATL\u00c2NTICA\u00a0:\u00a0UNE\u00a0FOR\u00caT\u00a0EXTRAORDINAIRE"},"content":{"rendered":"<p>[et_pb_section fb_built=\u00a0\u00bb1&Prime; _builder_version=\u00a0\u00bb4.25.2&Prime; _module_preset=\u00a0\u00bbdefault\u00a0\u00bb background_enable_color=\u00a0\u00bboff\u00a0\u00bb use_background_color_gradient=\u00a0\u00bbon\u00a0\u00bb background_color_gradient_stops=\u00a0\u00bb#0a0202 0%|#ffffff 55%|#0a0a0a 100%\u00a0\u00bb background_image=\u00a0\u00bbhttps:\/\/tijuca.fr\/wp-content\/uploads\/2024\/05\/AUTRE.jpg\u00a0\u00bb background_position=\u00a0\u00bbtop_right\u00a0\u00bb background_blend=\u00a0\u00bbmultiply\u00a0\u00bb width=\u00a0\u00bb100%\u00a0\u00bb max_width=\u00a0\u00bb100%\u00a0\u00bb min_height=\u00a0\u00bb304px\u00a0\u00bb height=\u00a0\u00bb100px\u00a0\u00bb custom_padding=\u00a0\u00bb140px||90px||false|false\u00a0\u00bb bottom_divider_flip=\u00a0\u00bbhorizontal\u00a0\u00bb locked=\u00a0\u00bboff\u00a0\u00bb global_colors_info=\u00a0\u00bb{}\u00a0\u00bb][et_pb_row _builder_version=\u00a0\u00bb4.25.0&Prime; _module_preset=\u00a0\u00bbdefault\u00a0\u00bb global_colors_info=\u00a0\u00bb{}\u00a0\u00bb][et_pb_column type=\u00a0\u00bb4_4&Prime; _builder_version=\u00a0\u00bb4.25.0&Prime; _module_preset=\u00a0\u00bbdefault\u00a0\u00bb global_colors_info=\u00a0\u00bb{}\u00a0\u00bb][et_pb_text _builder_version=\u00a0\u00bb4.25.2&Prime; _module_preset=\u00a0\u00bbdefault\u00a0\u00bb text_font=\u00a0\u00bb|800|||||||\u00a0\u00bb text_text_color=\u00a0\u00bb#FFFFFF\u00a0\u00bb text_font_size=\u00a0\u00bb16px\u00a0\u00bb text_orientation=\u00a0\u00bbcenter\u00a0\u00bb custom_margin=\u00a0\u00bb0px||0px||true|false\u00a0\u00bb custom_padding=\u00a0\u00bb0px||0px||true|false\u00a0\u00bb global_colors_info=\u00a0\u00bb{}\u00a0\u00bb][\/et_pb_text][\/et_pb_column][\/et_pb_row][\/et_pb_section][et_pb_section fb_built=\u00a0\u00bb1&Prime; _builder_version=\u00a0\u00bb4.16&Prime; _module_preset=\u00a0\u00bbdefault\u00a0\u00bb background_color=\u00a0\u00bb#000000&Prime; custom_padding=\u00a0\u00bb0px||||false|false\u00a0\u00bb global_colors_info=\u00a0\u00bb{}\u00a0\u00bb][et_pb_row _builder_version=\u00a0\u00bb4.25.0&Prime; _module_preset=\u00a0\u00bbdefault\u00a0\u00bb animation_style=\u00a0\u00bbfade\u00a0\u00bb global_colors_info=\u00a0\u00bb{}\u00a0\u00bb][et_pb_column type=\u00a0\u00bb4_4&Prime; _builder_version=\u00a0\u00bb4.16&Prime; _module_preset=\u00a0\u00bbdefault\u00a0\u00bb global_colors_info=\u00a0\u00bb{}\u00a0\u00bb][et_pb_text content_tablet=\u00a0\u00bb<\/p>\n<h1 class=%22history__title text-center mx-auto text-3xl sm:text-5xl mb-8%22><span class=%22letter opacity-0%22 aria-hidden=%22true%22>L<\/span><span class=%22letter opacity-0%22 aria-hidden=%22true%22>A<\/span><span> <\/span><span class=%22letter opacity-0%22 aria-hidden=%22true%22>M<\/span><span class=%22letter opacity-0%22 aria-hidden=%22true%22>A<\/span><span class=%22letter opacity-0%22 aria-hidden=%22true%22>T<\/span><span class=%22letter opacity-0%22 aria-hidden=%22true%22>A<\/span><span> <\/span><span class=%22letter opacity-0%22 aria-hidden=%22true%22>A<\/span><span class=%22letter opacity-0%22 aria-hidden=%22true%22>T<\/span><span class=%22letter opacity-0%22 aria-hidden=%22true%22>L<\/span><span class=%22letter opacity-0%22 aria-hidden=%22true%22>\u00c2<\/span><span class=%22letter opacity-0%22 aria-hidden=%22true%22>N<\/span><span class=%22letter opacity-0%22 aria-hidden=%22true%22>T<\/span><span class=%22letter opacity-0%22 aria-hidden=%22true%22>I<\/span><span class=%22letter opacity-0%22 aria-hidden=%22true%22>C<\/span><span class=%22letter opacity-0%22 aria-hidden=%22true%22>A<\/span><span> <\/span><span class=%22letter opacity-0%22 aria-hidden=%22true%22>:<\/span><span> <\/span><\/h1>\n<h1 class=%22history__title text-center mx-auto text-3xl sm:text-5xl mb-8%22><span class=%22letter opacity-0%22 aria-hidden=%22true%22>U<\/span><span class=%22letter opacity-0%22 aria-hidden=%22true%22>N<\/span><span class=%22letter opacity-0%22 aria-hidden=%22true%22>E<\/span><span> <\/span><span class=%22letter opacity-0%22 aria-hidden=%22true%22>F<\/span><span class=%22letter opacity-0%22 aria-hidden=%22true%22>O<\/span><span class=%22letter opacity-0%22 aria-hidden=%22true%22>R<\/span><span class=%22letter opacity-0%22 aria-hidden=%22true%22>\u00ca<\/span><span class=%22letter opacity-0%22 aria-hidden=%22true%22>T<\/span><span> <\/span><span class=%22letter opacity-0%22 aria-hidden=%22true%22>E<\/span><span class=%22letter opacity-0%22 aria-hidden=%22true%22>X<\/span><span class=%22letter opacity-0%22 aria-hidden=%22true%22>T<\/span><span class=%22letter opacity-0%22 aria-hidden=%22true%22>R<\/span><span class=%22letter opacity-0%22 aria-hidden=%22true%22>A<\/span><span class=%22letter opacity-0%22 aria-hidden=%22true%22>O<\/span><span class=%22letter opacity-0%22 aria-hidden=%22true%22>R<\/span><span class=%22letter opacity-0%22 aria-hidden=%22true%22>D<\/span><span class=%22letter opacity-0%22 aria-hidden=%22true%22>I<\/span><span class=%22letter opacity-0%22 aria-hidden=%22true%22>N<\/span><span class=%22letter opacity-0%22 aria-hidden=%22true%22>A<\/span><span class=%22letter opacity-0%22 aria-hidden=%22true%22>I<\/span><span class=%22letter opacity-0%22 aria-hidden=%22true%22>R<\/span><span class=%22letter opacity-0%22 aria-hidden=%22true%22>E<\/span><\/h1>\n<p>\u00a0\u00bb content_phone=\u00a0\u00bb<\/p>\n<h1>LA MATA<br \/>ATL\u00c2NTICA :<br \/>UNE\u00a0FOR\u00caT\u00a0EXTRAORDINAIRE<\/h1>\n<p>\u00a0\u00bb content_last_edited=\u00a0\u00bbon|phone\u00a0\u00bb _builder_version=\u00a0\u00bb4.25.0&Prime; _module_preset=\u00a0\u00bbdefault\u00a0\u00bb header_font=\u00a0\u00bbMarcellus|||on|||||\u00a0\u00bb header_text_align=\u00a0\u00bbcenter\u00a0\u00bb header_font_size=\u00a0\u00bb40px\u00a0\u00bb custom_margin=\u00a0\u00bb0px||0px||true|false\u00a0\u00bb custom_padding=\u00a0\u00bb0px||0px||true|false\u00a0\u00bb hover_enabled=\u00a0\u00bb0&Prime; header_font_size_tablet=\u00a0\u00bb35px\u00a0\u00bb header_font_size_phone=\u00a0\u00bb35px\u00a0\u00bb header_font_size_last_edited=\u00a0\u00bbon|phone\u00a0\u00bb global_colors_info=\u00a0\u00bb{}\u00a0\u00bb sticky_enabled=\u00a0\u00bb0&Prime;]<\/p>\n<h1>LA\u00a0MATA\u00a0ATL\u00c2NTICA\u00a0:<br \/>UNE\u00a0FOR\u00caT\u00a0EXTRAORDINAIRE<\/h1>\n<p>[\/et_pb_text][et_pb_image src=\u00a0\u00bbhttps:\/\/tijuca.fr\/wp-content\/uploads\/2024\/04\/separateur.png\u00a0\u00bb title_text=\u00a0\u00bbse\u0301parateur\u00a0\u00bb _builder_version=\u00a0\u00bb4.25.0&Prime; _module_preset=\u00a0\u00bbdefault\u00a0\u00bb width=\u00a0\u00bb14%\u00a0\u00bb width_tablet=\u00a0\u00bb30%\u00a0\u00bb width_phone=\u00a0\u00bb40%\u00a0\u00bb width_last_edited=\u00a0\u00bbon|tablet\u00a0\u00bb module_alignment=\u00a0\u00bbcenter\u00a0\u00bb custom_margin=\u00a0\u00bb0px||0px||true|false\u00a0\u00bb custom_padding=\u00a0\u00bb0px||0px||true|false\u00a0\u00bb global_colors_info=\u00a0\u00bb{}\u00a0\u00bb][\/et_pb_image][et_pb_text _builder_version=\u00a0\u00bb4.25.0&Prime; _module_preset=\u00a0\u00bbdefault\u00a0\u00bb text_text_color=\u00a0\u00bb#FFFFFF\u00a0\u00bb header_5_text_color=\u00a0\u00bb#FFFFFF\u00a0\u00bb text_orientation=\u00a0\u00bbcenter\u00a0\u00bb width=\u00a0\u00bb80%\u00a0\u00bb width_tablet=\u00a0\u00bb100%\u00a0\u00bb width_phone=\u00a0\u00bb100%\u00a0\u00bb width_last_edited=\u00a0\u00bbon|tablet\u00a0\u00bb module_alignment=\u00a0\u00bbcenter\u00a0\u00bb custom_padding=\u00a0\u00bb33px||33px||true|false\u00a0\u00bb global_colors_info=\u00a0\u00bb{}\u00a0\u00bb]<\/p>\n<div class=\"content-image__title opacity-0\">\n<div class=\"history__slice-title opacity-0 mt0\">\n<div class=\"content-image__title opacity-0\">\n<p><span class=\"subtitle\">La mata Atl\u00e2ntica aujourd&rsquo;hui<\/span><\/p>\n<h3 class=\"title title-h3\">LA FOR\u00caT ATLANTIQUE<\/h3>\n<p>Situ\u00e9e le long de la c\u00f4te est de l\u2019Am\u00e9rique du Sud, la for\u00eat atlantique, la\u00a0<em>Mata Atl\u00e2ntica,<\/em> s\u2019\u00e9tend \u00e0 l\u2019int\u00e9rieur des terres jusqu&rsquo;\u00e0 l\u2019Amazonie et constitue l\u2019une des r\u00e9gions du monde les plus riches en termes de diversit\u00e9 biologique.<\/p>\n<\/div>\n<\/div>\n<\/div>\n<p>[\/et_pb_text][\/et_pb_column][\/et_pb_row][et_pb_row column_structure=\u00a0\u00bb1_2,1_2&Prime; _builder_version=\u00a0\u00bb4.25.0&Prime; _module_preset=\u00a0\u00bbdefault\u00a0\u00bb custom_margin=\u00a0\u00bb0px||||false|false\u00a0\u00bb custom_padding=\u00a0\u00bb0px||||false|false\u00a0\u00bb animation_style=\u00a0\u00bbslide\u00a0\u00bb animation_direction=\u00a0\u00bbbottom\u00a0\u00bb global_colors_info=\u00a0\u00bb{}\u00a0\u00bb][et_pb_column type=\u00a0\u00bb1_2&Prime; _builder_version=\u00a0\u00bb4.25.0&Prime; _module_preset=\u00a0\u00bbdefault\u00a0\u00bb global_colors_info=\u00a0\u00bb{}\u00a0\u00bb][et_pb_image src=\u00a0\u00bbhttps:\/\/tijuca.fr\/wp-content\/uploads\/2024\/05\/2-4.avif\u00a0\u00bb title_text=\u00a0\u00bb2&Prime; _builder_version=\u00a0\u00bb4.25.0&Prime; _module_preset=\u00a0\u00bbdefault\u00a0\u00bb global_colors_info=\u00a0\u00bb{}\u00a0\u00bb][\/et_pb_image][\/et_pb_column][et_pb_column type=\u00a0\u00bb1_2&Prime; _builder_version=\u00a0\u00bb4.25.0&Prime; _module_preset=\u00a0\u00bbdefault\u00a0\u00bb global_colors_info=\u00a0\u00bb{}\u00a0\u00bb][et_pb_text _builder_version=\u00a0\u00bb4.25.0&Prime; _module_preset=\u00a0\u00bbdefault\u00a0\u00bb text_text_color=\u00a0\u00bb#FFFFFF\u00a0\u00bb header_5_text_color=\u00a0\u00bb#FFFFFF\u00a0\u00bb text_orientation=\u00a0\u00bbjustified\u00a0\u00bb custom_padding=\u00a0\u00bb53px||53px||true|false\u00a0\u00bb global_colors_info=\u00a0\u00bb{}\u00a0\u00bb]<\/p>\n<div class=\"content-image__title opacity-0\">\n<div class=\"history__slice-title opacity-0 mt0\">\n<div class=\"content-image__title opacity-0\">\n<p>Elle accueille des esp\u00e8ces particuli\u00e8res qui n\u2019existent nulle part ailleurs dans le monde et forme un \u00e9cosyst\u00e8me unique caract\u00e9ris\u00e9 par une faune exceptionnelle.<\/p>\n<p>Au-del\u00e0 des spectaculaires mammif\u00e8res de la r\u00e9gion (jaguar, puma, ocelot), on y rencontre plusieurs esp\u00e8ces de cervid\u00e9s, deux esp\u00e8ces de p\u00e9caris, le coati et plusieurs vari\u00e9t\u00e9s de singes.<\/p>\n<p>La for\u00eat abrite \u00e9galement plus de 400 esp\u00e8ces d\u2019oiseaux\u00a0et 1500 plantes end\u00e9miques, c\u2019est \u00e0 dire ne vivant nulle part ailleurs au monde. Au total, on estime que 6 000 esp\u00e8ces parmi lesquelles 263 amphibiens et 160 mammif\u00e8res sont end\u00e9miques \u00e0 la\u00a0<em>Mata atl\u00e2ntica<\/em>\u00a0.<\/p>\n<\/div>\n<\/div>\n<\/div>\n<p>[\/et_pb_text][\/et_pb_column][\/et_pb_row][et_pb_row column_structure=\u00a0\u00bb1_2,1_2&Prime; _builder_version=\u00a0\u00bb4.25.0&Prime; _module_preset=\u00a0\u00bbdefault\u00a0\u00bb animation_style=\u00a0\u00bbslide\u00a0\u00bb animation_direction=\u00a0\u00bbbottom\u00a0\u00bb global_colors_info=\u00a0\u00bb{}\u00a0\u00bb][et_pb_column type=\u00a0\u00bb1_2&Prime; _builder_version=\u00a0\u00bb4.25.0&Prime; _module_preset=\u00a0\u00bbdefault\u00a0\u00bb custom_padding=\u00a0\u00bb56px||56px||true|false\u00a0\u00bb global_colors_info=\u00a0\u00bb{}\u00a0\u00bb][et_pb_text _builder_version=\u00a0\u00bb4.25.0&Prime; _module_preset=\u00a0\u00bbdefault\u00a0\u00bb text_text_color=\u00a0\u00bb#FFFFFF\u00a0\u00bb text_orientation=\u00a0\u00bbjustified\u00a0\u00bb custom_padding=\u00a0\u00bb12px||12px||true|false\u00a0\u00bb global_colors_info=\u00a0\u00bb{}\u00a0\u00bb]<\/p>\n<div class=\"content-image__title opacity-0\">\n<div class=\"content-image__title opacity-0\">\n<div class=\"content-image__title opacity-0\">\n<div class=\"content-image__title opacity-0\">\n<h3 class=\"title title-h3\">UNE FOR\u00caT EN PEAU DE CHAGRIN<\/h3>\n<p>La\u00a0<em>Mata Atl\u00e2ntica<\/em>\u00a0constitue une des for\u00eats tropicales les plus menac\u00e9es au monde.\u00a0 L\u2019\u00e9tendue originale de la\u00a0<em>Mata Atl\u00e2ntica<\/em>\u00a0\u00e9tait d&rsquo;environ 1 300 000 km\u00b2, soit 15 % du territoire br\u00e9silien actuel et couvrait toute la zone c\u00f4ti\u00e8re, caract\u00e9ris\u00e9e par d&rsquo;importantes montagnes, ainsi que les hauts-plateaux de l\u2019arri\u00e8re-pays.<\/p>\n<p>Aujourd\u2019hui, ayant perdu plus de 90% de son aire originelle et \u00e9tant grandement fragment\u00e9e, elle fait partie des for\u00eats tropicales les plus menac\u00e9es de la plan\u00e8te.<\/p>\n<\/div>\n<\/div>\n<\/div>\n<\/div>\n<p>[\/et_pb_text][\/et_pb_column][et_pb_column type=\u00a0\u00bb1_2&Prime; _builder_version=\u00a0\u00bb4.25.0&Prime; _module_preset=\u00a0\u00bbdefault\u00a0\u00bb global_colors_info=\u00a0\u00bb{}\u00a0\u00bb][et_pb_image src=\u00a0\u00bbhttps:\/\/tijuca.fr\/wp-content\/uploads\/2024\/05\/3-3.avif\u00a0\u00bb title_text=\u00a0\u00bb3&Prime; _builder_version=\u00a0\u00bb4.25.0&Prime; _module_preset=\u00a0\u00bbdefault\u00a0\u00bb global_colors_info=\u00a0\u00bb{}\u00a0\u00bb][\/et_pb_image][\/et_pb_column][\/et_pb_row][et_pb_row column_structure=\u00a0\u00bb1_2,1_2&Prime; _builder_version=\u00a0\u00bb4.25.0&Prime; _module_preset=\u00a0\u00bbdefault\u00a0\u00bb animation_style=\u00a0\u00bbslide\u00a0\u00bb animation_direction=\u00a0\u00bbbottom\u00a0\u00bb global_colors_info=\u00a0\u00bb{}\u00a0\u00bb][et_pb_column type=\u00a0\u00bb1_2&Prime; _builder_version=\u00a0\u00bb4.25.0&Prime; _module_preset=\u00a0\u00bbdefault\u00a0\u00bb global_colors_info=\u00a0\u00bb{}\u00a0\u00bb][et_pb_image src=\u00a0\u00bbhttps:\/\/tijuca.fr\/wp-content\/uploads\/2024\/05\/4-1.avif\u00a0\u00bb title_text=\u00a0\u00bb4&Prime; _builder_version=\u00a0\u00bb4.25.0&Prime; _module_preset=\u00a0\u00bbdefault\u00a0\u00bb global_colors_info=\u00a0\u00bb{}\u00a0\u00bb][\/et_pb_image][\/et_pb_column][et_pb_column type=\u00a0\u00bb1_2&Prime; _builder_version=\u00a0\u00bb4.25.0&Prime; _module_preset=\u00a0\u00bbdefault\u00a0\u00bb custom_padding=\u00a0\u00bb25px||25px||true|false\u00a0\u00bb global_colors_info=\u00a0\u00bb{}\u00a0\u00bb][et_pb_text _builder_version=\u00a0\u00bb4.25.0&Prime; _module_preset=\u00a0\u00bbdefault\u00a0\u00bb text_text_color=\u00a0\u00bb#FFFFFF\u00a0\u00bb text_orientation=\u00a0\u00bbjustified\u00a0\u00bb custom_padding=\u00a0\u00bb0px||0px||true|false\u00a0\u00bb global_colors_info=\u00a0\u00bb{}\u00a0\u00bb]<\/p>\n<div class=\"content-image__title opacity-0\">\n<div class=\"content-image__title opacity-0\">\n<div class=\"content-image__title opacity-0\">\n<div class=\"content-image__title opacity-0\">\n<div class=\"content-image__title opacity-0\">\n<h3 class=\"title title-h3\">DE NOMBREUSES CAUSES<\/h3>\n<\/div>\n<div class=\"content-image__content opacity-0\">\n<p>La d\u00e9forestation, acc\u00e9l\u00e9r\u00e9e depuis le d\u00e9but du XXe si\u00e8cle, a \u00e9t\u00e9 caus\u00e9e principalement par l\u2019urbanisation, le littoral concentrant pr\u00e8s de 70 % des 210 millions de Br\u00e9siliens avec de grandes m\u00e9tropoles telles que S\u00e3o Paulo, Rio de Janeiro, Recife, Salvador de Bahia ou encore Porto Alegre.<\/p>\n<p>L\u2019agriculture a \u00e9galement contribu\u00e9 \u00e0 cette d\u00e9forestation bien que l\u2019impact de ces activit\u00e9s ait \u00e9t\u00e9 encore plus grand \u00e0 l\u2019int\u00e9rieur du pays et aux franges de l\u2019Amazonie du fait de la monoculture du soja et de l\u2019\u00e9levage.<\/p>\n<p>Enfin, l\u2019industrie mini\u00e8re et l\u2019industrie du bois ont \u00e9galement leur part de responsabilit\u00e9.<\/p>\n<\/div>\n<\/div>\n<\/div>\n<\/div>\n<\/div>\n<p>[\/et_pb_text][\/et_pb_column][\/et_pb_row][et_pb_row column_structure=\u00a0\u00bb1_2,1_2&Prime; _builder_version=\u00a0\u00bb4.25.0&Prime; _module_preset=\u00a0\u00bbdefault\u00a0\u00bb animation_style=\u00a0\u00bbslide\u00a0\u00bb animation_direction=\u00a0\u00bbbottom\u00a0\u00bb global_colors_info=\u00a0\u00bb{}\u00a0\u00bb][et_pb_column type=\u00a0\u00bb1_2&Prime; _builder_version=\u00a0\u00bb4.25.0&Prime; _module_preset=\u00a0\u00bbdefault\u00a0\u00bb custom_padding=\u00a0\u00bb33px||33px||true|false\u00a0\u00bb global_colors_info=\u00a0\u00bb{}\u00a0\u00bb][et_pb_text _builder_version=\u00a0\u00bb4.25.0&Prime; _module_preset=\u00a0\u00bbdefault\u00a0\u00bb text_text_color=\u00a0\u00bb#FFFFFF\u00a0\u00bb text_orientation=\u00a0\u00bbjustified\u00a0\u00bb custom_padding=\u00a0\u00bb0px||0px||true|false\u00a0\u00bb global_colors_info=\u00a0\u00bb{}\u00a0\u00bb]<\/p>\n<div class=\"content-image__title opacity-0\">\n<div class=\"content-image__title opacity-0\">\n<div class=\"content-image__title opacity-0\">\n<div class=\"content-image__title opacity-0\">\n<div class=\"content-image__title opacity-0\">\n<div class=\"content-image__title opacity-0\">\n<h3 class=\"title title-h3\">IL EST ENCORE DE TEMPS DE SAUVER LA MATA ATL\u00c2NTICA !<\/h3>\n<\/div>\n<div class=\"content-image__content opacity-0\">\n<p>Depuis quelques ann\u00e9es, \u00a0une prise de conscience est intervenue et de nombreux acteurs priv\u00e9s et publics ont unis leurs\u00a0 efforts pour sauvegarder les zones encore intactes de la<strong><span>\u00a0<\/span><\/strong>Mata Atl\u00e2ntica et reforester des territoires entiers.<\/p>\n<p>A notre \u00e9chelle, chez TIJUCA \u00a0nous participons \u00e0 cette reconqu\u00eate en choisissant des producteurs investis dans la protection de la for\u00eat et en aidant financi\u00e8rement ceux qui luttent pour sa sauvegarde.<\/p>\n<p><a href=\"https:\/\/tijuca.fr\/club-reforestation\/\" data-nuxt-link=\"\">D\u00e9couvrez nos actions de reforestation<\/a><\/p>\n<\/div>\n<\/div>\n<\/div>\n<\/div>\n<\/div>\n<\/div>\n<p>[\/et_pb_text][\/et_pb_column][et_pb_column type=\u00a0\u00bb1_2&Prime; _builder_version=\u00a0\u00bb4.25.0&Prime; _module_preset=\u00a0\u00bbdefault\u00a0\u00bb global_colors_info=\u00a0\u00bb{}\u00a0\u00bb][et_pb_image src=\u00a0\u00bbhttps:\/\/tijuca.fr\/wp-content\/uploads\/2024\/05\/5-1.avif\u00a0\u00bb title_text=\u00a0\u00bb5&Prime; _builder_version=\u00a0\u00bb4.25.0&Prime; _module_preset=\u00a0\u00bbdefault\u00a0\u00bb global_colors_info=\u00a0\u00bb{}\u00a0\u00bb][\/et_pb_image][\/et_pb_column][\/et_pb_row][et_pb_row _builder_version=\u00a0\u00bb4.25.0&Prime; _module_preset=\u00a0\u00bbdefault\u00a0\u00bb global_colors_info=\u00a0\u00bb{}\u00a0\u00bb][et_pb_column type=\u00a0\u00bb4_4&Prime; _builder_version=\u00a0\u00bb4.25.0&Prime; _module_preset=\u00a0\u00bbdefault\u00a0\u00bb global_colors_info=\u00a0\u00bb{}\u00a0\u00bb][et_pb_button button_url=\u00a0\u00bb@ET-DC@eyJkeW5hbWljIjp0cnVlLCJjb250ZW50IjoicG9zdF9saW5rX3VybF9wYWdlIiwic2V0dGluZ3MiOnsicG9zdF9pZCI6IjE5MTUifX0=@\u00a0\u00bb button_text=\u00a0\u00bbRETOUR\u00a0\u00bb button_alignment=\u00a0\u00bbcenter\u00a0\u00bb _builder_version=\u00a0\u00bb4.25.0&Prime; _dynamic_attributes=\u00a0\u00bbbutton_url\u00a0\u00bb _module_preset=\u00a0\u00bbdefault\u00a0\u00bb custom_button=\u00a0\u00bbon\u00a0\u00bb button_text_size=\u00a0\u00bb17px\u00a0\u00bb button_border_width=\u00a0\u00bb1px\u00a0\u00bb button_border_radius=\u00a0\u00bb0px\u00a0\u00bb global_colors_info=\u00a0\u00bb{}\u00a0\u00bb][\/et_pb_button][et_pb_image src=\u00a0\u00bbhttps:\/\/tijuca.fr\/wp-content\/uploads\/2024\/04\/ILLU-PAGE.png\u00a0\u00bb title_text=\u00a0\u00bbILLU PAGE\u00a0\u00bb _builder_version=\u00a0\u00bb4.16&Prime; _module_preset=\u00a0\u00bbdefault\u00a0\u00bb max_width=\u00a0\u00bb20%\u00a0\u00bb module_alignment=\u00a0\u00bbcenter\u00a0\u00bb global_colors_info=\u00a0\u00bb{}\u00a0\u00bb][\/et_pb_image][\/et_pb_column][\/et_pb_row][\/et_pb_section]<\/p>\n","protected":false},"excerpt":{"rendered":"<p>LA\u00a0MATA\u00a0ATL\u00c2NTICA\u00a0:UNE\u00a0FOR\u00caT\u00a0EXTRAORDINAIRE La mata Atl\u00e2ntica aujourd&rsquo;hui LA FOR\u00caT ATLANTIQUE Situ\u00e9e le long de la c\u00f4te est de l\u2019Am\u00e9rique du Sud, la for\u00eat atlantique, la\u00a0Mata Atl\u00e2ntica, s\u2019\u00e9tend \u00e0 l\u2019int\u00e9rieur des terres jusqu&rsquo;\u00e0 l\u2019Amazonie et constitue l\u2019une des r\u00e9gions du monde les plus riches en termes de diversit\u00e9 biologique. Elle accueille des esp\u00e8ces particuli\u00e8res qui n\u2019existent nulle part [&hellip;]<\/p>\n","protected":false},"author":1,"featured_media":0,"parent":0,"menu_order":0,"comment_status":"closed","ping_status":"closed","template":"","meta":{"_et_pb_use_builder":"on","_et_pb_old_content":"<!-- wp:divi\/placeholder \/-->","_et_gb_content_width":"","footnotes":""},"class_list":["post-474","page","type-page","status-publish","hentry"],"_links":{"self":[{"href":"https:\/\/tijuca.fr\/en\/wp-json\/wp\/v2\/pages\/474","targetHints":{"allow":["GET"]}}],"collection":[{"href":"https:\/\/tijuca.fr\/en\/wp-json\/wp\/v2\/pages"}],"about":[{"href":"https:\/\/tijuca.fr\/en\/wp-json\/wp\/v2\/types\/page"}],"author":[{"embeddable":true,"href":"https:\/\/tijuca.fr\/en\/wp-json\/wp\/v2\/users\/1"}],"replies":[{"embeddable":true,"href":"https:\/\/tijuca.fr\/en\/wp-json\/wp\/v2\/comments?post=474"}],"version-history":[{"count":24,"href":"https:\/\/tijuca.fr\/en\/wp-json\/wp\/v2\/pages\/474\/revisions"}],"predecessor-version":[{"id":2246,"href":"https:\/\/tijuca.fr\/en\/wp-json\/wp\/v2\/pages\/474\/revisions\/2246"}],"wp:attachment":[{"href":"https:\/\/tijuca.fr\/en\/wp-json\/wp\/v2\/media?parent=474"}],"curies":[{"name":"wp","href":"https:\/\/api.w.org\/{rel}","templated":true}]}}