{"id":527,"date":"2024-05-30T08:24:38","date_gmt":"2024-05-30T08:24:38","guid":{"rendered":"https:\/\/tijuca.fr\/?page_id=527"},"modified":"2024-12-17T10:27:09","modified_gmt":"2024-12-17T10:27:09","slug":"cachaca-a-brazilian-story","status":"publish","type":"page","link":"https:\/\/tijuca.fr\/en\/cachaca-a-brazilian-story\/","title":{"rendered":"LA\u00a0CACHA\u00c7A\u00a0:\u00a0UNE\u00a0HISTOIRE\u00a0BRESILIENNE"},"content":{"rendered":"<p>[et_pb_section fb_built=\u00a0\u00bb1&Prime; _builder_version=\u00a0\u00bb4.25.2&Prime; _module_preset=\u00a0\u00bbdefault\u00a0\u00bb background_enable_color=\u00a0\u00bboff\u00a0\u00bb use_background_color_gradient=\u00a0\u00bbon\u00a0\u00bb background_color_gradient_stops=\u00a0\u00bb#0a0202 0%|#ffffff 55%|#0a0a0a 100%\u00a0\u00bb background_image=\u00a0\u00bbhttps:\/\/tijuca.fr\/wp-content\/uploads\/2024\/05\/AUTRE.jpg\u00a0\u00bb background_position=\u00a0\u00bbtop_right\u00a0\u00bb background_blend=\u00a0\u00bbmultiply\u00a0\u00bb width=\u00a0\u00bb100%\u00a0\u00bb max_width=\u00a0\u00bb100%\u00a0\u00bb min_height=\u00a0\u00bb304px\u00a0\u00bb height=\u00a0\u00bb100px\u00a0\u00bb custom_padding=\u00a0\u00bb140px||90px||false|false\u00a0\u00bb bottom_divider_flip=\u00a0\u00bbhorizontal\u00a0\u00bb locked=\u00a0\u00bboff\u00a0\u00bb global_colors_info=\u00a0\u00bb{}\u00a0\u00bb][et_pb_row _builder_version=\u00a0\u00bb4.25.0&Prime; _module_preset=\u00a0\u00bbdefault\u00a0\u00bb global_colors_info=\u00a0\u00bb{}\u00a0\u00bb][et_pb_column type=\u00a0\u00bb4_4&Prime; _builder_version=\u00a0\u00bb4.25.0&Prime; _module_preset=\u00a0\u00bbdefault\u00a0\u00bb global_colors_info=\u00a0\u00bb{}\u00a0\u00bb][et_pb_text _builder_version=\u00a0\u00bb4.25.2&Prime; _module_preset=\u00a0\u00bbdefault\u00a0\u00bb text_font=\u00a0\u00bb|800|||||||\u00a0\u00bb text_text_color=\u00a0\u00bb#FFFFFF\u00a0\u00bb text_font_size=\u00a0\u00bb16px\u00a0\u00bb text_orientation=\u00a0\u00bbcenter\u00a0\u00bb custom_margin=\u00a0\u00bb0px||0px||true|false\u00a0\u00bb custom_padding=\u00a0\u00bb0px||0px||true|false\u00a0\u00bb global_colors_info=\u00a0\u00bb{}\u00a0\u00bb][\/et_pb_text][\/et_pb_column][\/et_pb_row][\/et_pb_section][et_pb_section fb_built=\u00a0\u00bb1&Prime; _builder_version=\u00a0\u00bb4.16&Prime; _module_preset=\u00a0\u00bbdefault\u00a0\u00bb background_color=\u00a0\u00bb#000000&Prime; custom_padding=\u00a0\u00bb0px||||false|false\u00a0\u00bb global_colors_info=\u00a0\u00bb{}\u00a0\u00bb][et_pb_row _builder_version=\u00a0\u00bb4.25.0&Prime; _module_preset=\u00a0\u00bbdefault\u00a0\u00bb animation_style=\u00a0\u00bbslide\u00a0\u00bb animation_direction=\u00a0\u00bbbottom\u00a0\u00bb global_colors_info=\u00a0\u00bb{}\u00a0\u00bb][et_pb_column type=\u00a0\u00bb4_4&Prime; _builder_version=\u00a0\u00bb4.16&Prime; _module_preset=\u00a0\u00bbdefault\u00a0\u00bb global_colors_info=\u00a0\u00bb{}\u00a0\u00bb][et_pb_text content_tablet=\u00a0\u00bb<\/p>\n<h1>LA CACHA\u00c7A : UNE HISTOIRE BRESILIENNE<\/h1>\n<p>\u00a0\u00bb content_phone=\u00a0\u00bb<\/p>\n<h1>LA CACHA\u00c7A : UNE HISTOIRE BRESILIENNE<\/h1>\n<p>\u00a0\u00bb content_last_edited=\u00a0\u00bbon|phone\u00a0\u00bb _builder_version=\u00a0\u00bb4.25.0&Prime; _module_preset=\u00a0\u00bbdefault\u00a0\u00bb header_font=\u00a0\u00bbMarcellus|||on|||||\u00a0\u00bb header_text_align=\u00a0\u00bbcenter\u00a0\u00bb header_font_size=\u00a0\u00bb40px\u00a0\u00bb custom_margin=\u00a0\u00bb0px||0px||true|false\u00a0\u00bb custom_padding=\u00a0\u00bb0px||0px||true|false\u00a0\u00bb hover_enabled=\u00a0\u00bb0&Prime; header_font_size_tablet=\u00a0\u00bb35px\u00a0\u00bb header_font_size_phone=\u00a0\u00bb35px\u00a0\u00bb header_font_size_last_edited=\u00a0\u00bbon|tablet\u00a0\u00bb global_colors_info=\u00a0\u00bb{}\u00a0\u00bb sticky_enabled=\u00a0\u00bb0&Prime;]<\/p>\n<h1>LA\u00a0CACHA\u00c7A\u00a0:<br \/>UNE\u00a0HISTOIRE\u00a0BRESILIENNE<\/h1>\n<p>[\/et_pb_text][et_pb_image src=\u00a0\u00bbhttps:\/\/tijuca.fr\/wp-content\/uploads\/2024\/04\/separateur.png\u00a0\u00bb title_text=\u00a0\u00bbse\u0301parateur\u00a0\u00bb _builder_version=\u00a0\u00bb4.25.0&Prime; _module_preset=\u00a0\u00bbdefault\u00a0\u00bb width=\u00a0\u00bb14%\u00a0\u00bb width_tablet=\u00a0\u00bb30%\u00a0\u00bb width_phone=\u00a0\u00bb40%\u00a0\u00bb width_last_edited=\u00a0\u00bbon|tablet\u00a0\u00bb module_alignment=\u00a0\u00bbcenter\u00a0\u00bb custom_margin=\u00a0\u00bb0px||0px||true|false\u00a0\u00bb custom_padding=\u00a0\u00bb0px||0px||true|false\u00a0\u00bb global_colors_info=\u00a0\u00bb{}\u00a0\u00bb][\/et_pb_image][et_pb_text _builder_version=\u00a0\u00bb4.25.0&Prime; _module_preset=\u00a0\u00bbdefault\u00a0\u00bb text_text_color=\u00a0\u00bb#FFFFFF\u00a0\u00bb header_5_text_color=\u00a0\u00bb#FFFFFF\u00a0\u00bb text_orientation=\u00a0\u00bbcenter\u00a0\u00bb width=\u00a0\u00bb80%\u00a0\u00bb module_alignment=\u00a0\u00bbcenter\u00a0\u00bb custom_padding=\u00a0\u00bb33px||33px||true|false\u00a0\u00bb global_colors_info=\u00a0\u00bb{}\u00a0\u00bb]<\/p>\n<div class=\"content-image__title opacity-0\">\n<div class=\"history__slice-title opacity-0 mt0\">\n<div class=\"content-image__title opacity-0\">\n<h2 class=\"title title-h2\">N\u00c9E AU BR\u00c9SIL<\/h2>\n<p>La cacha\u00e7a est n\u00e9e au Br\u00e9sil au 16e si\u00e8cle des mains des esclaves qui n&rsquo;avaient que la libert\u00e9 de boire pour oublier leur condition.<\/p>\n<\/div>\n<\/div>\n<\/div>\n<p>[\/et_pb_text][\/et_pb_column][\/et_pb_row][et_pb_row column_structure=\u00a0\u00bb1_2,1_2&Prime; _builder_version=\u00a0\u00bb4.25.0&Prime; _module_preset=\u00a0\u00bbdefault\u00a0\u00bb custom_margin=\u00a0\u00bb0px||||false|false\u00a0\u00bb custom_padding=\u00a0\u00bb0px||||false|false\u00a0\u00bb animation_style=\u00a0\u00bbslide\u00a0\u00bb animation_direction=\u00a0\u00bbbottom\u00a0\u00bb global_colors_info=\u00a0\u00bb{}\u00a0\u00bb][et_pb_column type=\u00a0\u00bb1_2&Prime; _builder_version=\u00a0\u00bb4.25.0&Prime; _module_preset=\u00a0\u00bbdefault\u00a0\u00bb global_colors_info=\u00a0\u00bb{}\u00a0\u00bb][et_pb_image src=\u00a0\u00bbhttps:\/\/tijuca.fr\/wp-content\/uploads\/2024\/05\/2-6.avif\u00a0\u00bb title_text=\u00a0\u00bb2&Prime; _builder_version=\u00a0\u00bb4.25.0&Prime; _module_preset=\u00a0\u00bbdefault\u00a0\u00bb global_colors_info=\u00a0\u00bb{}\u00a0\u00bb][\/et_pb_image][\/et_pb_column][et_pb_column type=\u00a0\u00bb1_2&Prime; _builder_version=\u00a0\u00bb4.25.0&Prime; _module_preset=\u00a0\u00bbdefault\u00a0\u00bb global_colors_info=\u00a0\u00bb{}\u00a0\u00bb][et_pb_text _builder_version=\u00a0\u00bb4.25.0&Prime; _module_preset=\u00a0\u00bbdefault\u00a0\u00bb text_text_color=\u00a0\u00bb#FFFFFF\u00a0\u00bb header_5_text_color=\u00a0\u00bb#FFFFFF\u00a0\u00bb text_orientation=\u00a0\u00bbjustified\u00a0\u00bb custom_padding=\u00a0\u00bb23px||23px||true|false\u00a0\u00bb global_colors_info=\u00a0\u00bb{}\u00a0\u00bb]<\/p>\n<div class=\"content-image__title opacity-0\">\n<div class=\"history__slice-title opacity-0 mt0\">\n<div class=\"content-image__title opacity-0\">\n<div class=\"content-image__title opacity-0\">\n<h2 class=\"title title-h2\">DES MAINS DES ESCLAVES<\/h2>\n<\/div>\n<div class=\"content-image__content opacity-0\">\n<p>Dans sa version primitive, la cacha\u00e7a doit son existence aux esclaves des plantations qui pressaient la canne \u00e0 sucre pour en recueillir le jus. Ils faisaient ensuite bouillir ce dernier pour emp\u00eacher la prolif\u00e9ration des bact\u00e9ries pr\u00e9sentes dans la canne \u00e0 sucre.<\/p>\n<p>Plus tard, les colonisateurs portugais s&rsquo;inspireront de ce principe pour parvenir \u00e0 la cacha\u00e7a. Au d\u00e9but, ils se content\u00e8rent de fermenter le jus de canne \u00e0 sucre frais, puis ils eurent l\u2019id\u00e9e de le distiller obtenant ainsi un alcool plus fort, titrant 40\u00b0.<\/p>\n<p>Bien qu&rsquo;il n&rsquo;y ait aucune trace pr\u00e9cise de l&rsquo;endroit m\u00eame de la premi\u00e8re distillation de cacha\u00e7a, on peut toutefois la situer sur le littoral br\u00e9silien le plus oriental, entre 1516 et 1532.<\/p>\n<\/div>\n<\/div>\n<\/div>\n<\/div>\n<p>[\/et_pb_text][\/et_pb_column][\/et_pb_row][et_pb_row column_structure=\u00a0\u00bb1_2,1_2&Prime; _builder_version=\u00a0\u00bb4.25.0&Prime; _module_preset=\u00a0\u00bbdefault\u00a0\u00bb animation_style=\u00a0\u00bbslide\u00a0\u00bb animation_direction=\u00a0\u00bbbottom\u00a0\u00bb global_colors_info=\u00a0\u00bb{}\u00a0\u00bb][et_pb_column type=\u00a0\u00bb1_2&Prime; _builder_version=\u00a0\u00bb4.25.0&Prime; _module_preset=\u00a0\u00bbdefault\u00a0\u00bb custom_padding=\u00a0\u00bb10px||10px||true|false\u00a0\u00bb global_colors_info=\u00a0\u00bb{}\u00a0\u00bb][et_pb_text _builder_version=\u00a0\u00bb4.25.0&Prime; _module_preset=\u00a0\u00bbdefault\u00a0\u00bb text_text_color=\u00a0\u00bb#FFFFFF\u00a0\u00bb text_orientation=\u00a0\u00bbjustified\u00a0\u00bb custom_padding=\u00a0\u00bb12px||12px||true|false\u00a0\u00bb global_colors_info=\u00a0\u00bb{}\u00a0\u00bb]<\/p>\n<div class=\"content-image__title opacity-0\">\n<div class=\"content-image__title opacity-0\">\n<div class=\"content-image__title opacity-0\">\n<div class=\"content-image__title opacity-0\">\n<h2 class=\"p1\">AU FIL DU TEMPS<\/h2>\n<p class=\"p1\">Cette longue histoire fait de la cacha\u00e7a le premier alcool d&rsquo;Am\u00e9rique latine, avant m\u00eame l&rsquo;apparition du pisco p\u00e9ruvien, de la tequila mexicaine ou du rhum des Cara\u00efbes.<\/p>\n<p class=\"p1\">Dans les premiers temps, la cacha\u00e7a \u00e9tait consid\u00e9r\u00e9e comme un alcool bas de gamme, un rhum populaire r\u00e9serv\u00e9 aux classes moyennes et pauvres de la soci\u00e9t\u00e9.<\/p>\n<p class=\"p1\">Depuis quelques ann\u00e9es, elle est devenue une boisson tr\u00e8s respectable, gr\u00e2ce aux efforts de nombreux producteurs afin d&rsquo;en am\u00e9liorer la qualit\u00e9.<\/p>\n<\/div>\n<\/div>\n<\/div>\n<\/div>\n<p>[\/et_pb_text][\/et_pb_column][et_pb_column type=\u00a0\u00bb1_2&Prime; _builder_version=\u00a0\u00bb4.25.0&Prime; _module_preset=\u00a0\u00bbdefault\u00a0\u00bb global_colors_info=\u00a0\u00bb{}\u00a0\u00bb][et_pb_image src=\u00a0\u00bbhttps:\/\/tijuca.fr\/wp-content\/uploads\/2024\/05\/3-5.avif\u00a0\u00bb title_text=\u00a0\u00bb3&Prime; _builder_version=\u00a0\u00bb4.25.0&Prime; _module_preset=\u00a0\u00bbdefault\u00a0\u00bb global_colors_info=\u00a0\u00bb{}\u00a0\u00bb][\/et_pb_image][\/et_pb_column][\/et_pb_row][et_pb_row _builder_version=\u00a0\u00bb4.25.0&Prime; _module_preset=\u00a0\u00bbdefault\u00a0\u00bb animation_style=\u00a0\u00bbslide\u00a0\u00bb animation_direction=\u00a0\u00bbbottom\u00a0\u00bb global_colors_info=\u00a0\u00bb{}\u00a0\u00bb][et_pb_column type=\u00a0\u00bb4_4&Prime; _builder_version=\u00a0\u00bb4.25.0&Prime; _module_preset=\u00a0\u00bbdefault\u00a0\u00bb global_colors_info=\u00a0\u00bb{}\u00a0\u00bb][et_pb_text _builder_version=\u00a0\u00bb4.25.0&Prime; _module_preset=\u00a0\u00bbdefault\u00a0\u00bb text_text_color=\u00a0\u00bb#FFFFFF\u00a0\u00bb header_2_text_align=\u00a0\u00bbcenter\u00a0\u00bb text_orientation=\u00a0\u00bbcenter\u00a0\u00bb width=\u00a0\u00bb80%\u00a0\u00bb module_alignment=\u00a0\u00bbcenter\u00a0\u00bb custom_padding=\u00a0\u00bb12px||12px||true|false\u00a0\u00bb global_colors_info=\u00a0\u00bb{}\u00a0\u00bb]<\/p>\n<div class=\"content-image__title opacity-0\">\n<div class=\"content-image__title opacity-0\">\n<div class=\"content-image__title opacity-0\">\n<div class=\"content-image__title opacity-0\">\n<p class=\"p1\">\n<p class=\"p1\">Chez TIJUCA nous sommes fiers de perp\u00e9tuer cet h\u00e9ritage et de participer au renouveau de la cacha\u00e7a.<\/p>\n<\/div>\n<\/div>\n<\/div>\n<\/div>\n<p>[\/et_pb_text][et_pb_button button_url=\u00a0\u00bb@ET-DC@eyJkeW5hbWljIjp0cnVlLCJjb250ZW50IjoicG9zdF9saW5rX3VybF9wYWdlIiwic2V0dGluZ3MiOnsicG9zdF9pZCI6IjE5MTUifX0=@\u00a0\u00bb button_text=\u00a0\u00bbRETOUR\u00a0\u00bb button_alignment=\u00a0\u00bbcenter\u00a0\u00bb _builder_version=\u00a0\u00bb4.25.0&Prime; _dynamic_attributes=\u00a0\u00bbbutton_url\u00a0\u00bb _module_preset=\u00a0\u00bbdefault\u00a0\u00bb custom_button=\u00a0\u00bbon\u00a0\u00bb button_text_size=\u00a0\u00bb17px\u00a0\u00bb button_border_width=\u00a0\u00bb1px\u00a0\u00bb button_border_radius=\u00a0\u00bb0px\u00a0\u00bb global_colors_info=\u00a0\u00bb{}\u00a0\u00bb][\/et_pb_button][et_pb_image src=\u00a0\u00bbhttps:\/\/tijuca.fr\/wp-content\/uploads\/2024\/04\/ILLU-PAGE.png\u00a0\u00bb title_text=\u00a0\u00bbILLU PAGE\u00a0\u00bb _builder_version=\u00a0\u00bb4.16&Prime; _module_preset=\u00a0\u00bbdefault\u00a0\u00bb max_width=\u00a0\u00bb20%\u00a0\u00bb module_alignment=\u00a0\u00bbcenter\u00a0\u00bb global_colors_info=\u00a0\u00bb{}\u00a0\u00bb][\/et_pb_image][\/et_pb_column][\/et_pb_row][\/et_pb_section]<\/p>\n","protected":false},"excerpt":{"rendered":"<p>LA\u00a0CACHA\u00c7A\u00a0:UNE\u00a0HISTOIRE\u00a0BRESILIENNE N\u00c9E AU BR\u00c9SIL La cacha\u00e7a est n\u00e9e au Br\u00e9sil au 16e si\u00e8cle des mains des esclaves qui n&rsquo;avaient que la libert\u00e9 de boire pour oublier leur condition. DES MAINS DES ESCLAVES Dans sa version primitive, la cacha\u00e7a doit son existence aux esclaves des plantations qui pressaient la canne \u00e0 sucre pour en recueillir le [&hellip;]<\/p>\n","protected":false},"author":1,"featured_media":0,"parent":0,"menu_order":0,"comment_status":"closed","ping_status":"closed","template":"","meta":{"_et_pb_use_builder":"on","_et_pb_old_content":"<!-- wp:divi\/placeholder \/-->","_et_gb_content_width":"","footnotes":""},"class_list":["post-527","page","type-page","status-publish","hentry"],"_links":{"self":[{"href":"https:\/\/tijuca.fr\/en\/wp-json\/wp\/v2\/pages\/527","targetHints":{"allow":["GET"]}}],"collection":[{"href":"https:\/\/tijuca.fr\/en\/wp-json\/wp\/v2\/pages"}],"about":[{"href":"https:\/\/tijuca.fr\/en\/wp-json\/wp\/v2\/types\/page"}],"author":[{"embeddable":true,"href":"https:\/\/tijuca.fr\/en\/wp-json\/wp\/v2\/users\/1"}],"replies":[{"embeddable":true,"href":"https:\/\/tijuca.fr\/en\/wp-json\/wp\/v2\/comments?post=527"}],"version-history":[{"count":23,"href":"https:\/\/tijuca.fr\/en\/wp-json\/wp\/v2\/pages\/527\/revisions"}],"predecessor-version":[{"id":2245,"href":"https:\/\/tijuca.fr\/en\/wp-json\/wp\/v2\/pages\/527\/revisions\/2245"}],"wp:attachment":[{"href":"https:\/\/tijuca.fr\/en\/wp-json\/wp\/v2\/media?parent=527"}],"curies":[{"name":"wp","href":"https:\/\/api.w.org\/{rel}","templated":true}]}}